{"id":1833,"date":"2026-03-02T17:09:22","date_gmt":"2026-03-02T17:09:22","guid":{"rendered":"https:\/\/biennalecancerologie.org\/2026\/?page_id=1833"},"modified":"2026-03-02T17:14:40","modified_gmt":"2026-03-02T17:14:40","slug":"le-mot-des-presidents-2","status":"publish","type":"page","link":"https:\/\/biennalecancerologie.org\/2026\/?page_id=1833","title":{"rendered":"Le Mot des Pr\u00e9sidents"},"content":{"rendered":"\t\t<div data-elementor-type=\"wp-page\" data-elementor-id=\"1833\" class=\"elementor elementor-1833\" data-elementor-post-type=\"page\">\n\t\t\t\t<div class=\"elementor-element elementor-element-63391c2 e-flex e-con-boxed e-con e-parent\" data-id=\"63391c2\" data-element_type=\"container\">\n\t\t\t\t\t<div class=\"e-con-inner\">\n\t\t<div class=\"elementor-element elementor-element-4beded3 e-con-full e-flex e-con e-child\" data-id=\"4beded3\" data-element_type=\"container\" data-settings=\"{&quot;background_background&quot;:&quot;classic&quot;}\">\n\t\t\t\t<div class=\"elementor-element elementor-element-bc49318 elementor-widget elementor-widget-heading\" data-id=\"bc49318\" data-element_type=\"widget\" data-widget_type=\"heading.default\">\n\t\t\t\t<div class=\"elementor-widget-container\">\n\t\t\t\t\t<h2 class=\"elementor-heading-title elementor-size-default\">Le Mot des Pr\u00e9sidents<\/h2>\t\t\t\t<\/div>\n\t\t\t\t<\/div>\n\t\t\t\t<div class=\"elementor-element elementor-element-d917628 elementor-widget elementor-widget-text-editor\" data-id=\"d917628\" data-element_type=\"widget\" data-widget_type=\"text-editor.default\">\n\t\t\t\t<div class=\"elementor-widget-container\">\n\t\t\t\t\t\t\t\t\t<p>C&#8217;est avec beaucoup d&#8217;enthousiasme que nous prenons la pr\u00e9sidence de cette <strong>17\u00e8me Biennale Mon\u00e9gasque de Canc\u00e9rologie<\/strong>, un r\u00f4le que nous assumons pour la premi\u00e8re fois ensemble. Nous sommes honor\u00e9s, sur la lanc\u00e9e\u00a0des \u00e9ditions pr\u00e9c\u00e9dentes,\u00a0de contribuer \u00e0 la r\u00e9ussite de cet \u00e9v\u00e9nement scientifique de premier plan.<\/p><p>Notre ambition est de proposer un <strong>programme scientifique<\/strong> de haut niveau, riche en d\u00e9couvertes, en \u00e9changes et en perspectives innovantes, tout en mettant l&#8217;accent sur la qualit\u00e9 des discussions entre pairs. Nous avons \u00e0 c\u0153ur de vous offrir une <strong>plateforme interactive<\/strong>,<strong>\u00a0stimulante et dynamique<\/strong>, o\u00f9 la collaboration et l&#8217;enrichissement mutuel seront au c\u0153ur de chaque intervention.<\/p><p>Comme \u00e0 chaque \u00e9dition, nous proposerons, gr\u00e2ce \u00e0 l\u2019implication des membres du <strong>Comit\u00e9 Scientifique<\/strong> et de nos coll\u00e8gues sp\u00e9cialistes de chaque aire th\u00e9rapeutique, des programmes cibl\u00e9s par organe mais \u00e9galement des sessions transversales \u00e0 l\u2019attention de tous.<\/p><p>Lors de cette prochaine \u00e9dition, nos coll\u00e8gues radioth\u00e9rapeutes se\u00a0verront proposer une <strong>formation \u00e0 l&#8217;IRM<\/strong>, ainsi que des communications sp\u00e9cifiques au sein des diff\u00e9rentes sessions. Les soins de support seront int\u00e9gr\u00e9s de la m\u00eame mani\u00e8re dans les diff\u00e9rentes disciplines oncologiques.<\/p><p>Des &#8220;<strong>rencontres avec les\u00a0experts<\/strong>&#8221; (sur le mode du Workshop acc\u00e9l\u00e9r\u00e9 en Oncologie &#8211; WAO)\u00a0seront propos\u00e9es tout au long du congr\u00e8s, afin que chacun puisse s&#8217;y rendre selon son propre parcours.<\/p><p>Nous souhaitons convier le plus grand nombre \u00e0 participer \u00e0 ce congr\u00e8s exceptionnel, qui, nous l&#8217;esp\u00e9rons, sera une occasion unique de se tenir inform\u00e9 des <strong>derni\u00e8res avanc\u00e9es<\/strong> et de partager des <strong>connaissances cruciales<\/strong> pour l&#8217;avenir de notre domaine.<\/p><p>Ensemble, nous faisons de ce congr\u00e8s un v\u00e9ritable <strong>carrefour d&#8217;innovations<\/strong>,<strong> de partages et d&#8217;inspiration<\/strong>.<br \/>Nous vous attendons avec impatience en Principaut\u00e9 !<\/p>\t\t\t\t\t\t\t\t<\/div>\n\t\t\t\t<\/div>\n\t\t<div class=\"elementor-element elementor-element-5a9ad20 e-con-full e-flex e-con e-child\" data-id=\"5a9ad20\" data-element_type=\"container\">\n\t\t\t\t<div class=\"elementor-element elementor-element-40321d0 elementor-position-top elementor-widget elementor-widget-image-box\" data-id=\"40321d0\" data-element_type=\"widget\" data-widget_type=\"image-box.default\">\n\t\t\t\t<div class=\"elementor-widget-container\">\n\t\t\t\t\t<div class=\"elementor-image-box-wrapper\"><figure class=\"elementor-image-box-img\"><img fetchpriority=\"high\" decoding=\"async\" width=\"358\" height=\"358\" src=\"https:\/\/biennalecancerologie.org\/2026\/wp-content\/uploads\/2025\/04\/Karim-Fizazi-2020.png\" class=\"attachment-full size-full wp-image-547\" alt=\"\" srcset=\"https:\/\/biennalecancerologie.org\/2026\/wp-content\/uploads\/2025\/04\/Karim-Fizazi-2020.png 358w, https:\/\/biennalecancerologie.org\/2026\/wp-content\/uploads\/2025\/04\/Karim-Fizazi-2020-300x300.png 300w, https:\/\/biennalecancerologie.org\/2026\/wp-content\/uploads\/2025\/04\/Karim-Fizazi-2020-150x150.png 150w\" sizes=\"(max-width: 358px) 100vw, 358px\" \/><\/figure><div class=\"elementor-image-box-content\"><h3 class=\"elementor-image-box-title\">Pr. Karim Fizazi<\/h3><\/div><\/div>\t\t\t\t<\/div>\n\t\t\t\t<\/div>\n\t\t\t\t<div class=\"elementor-element elementor-element-e230d21 elementor-position-top elementor-widget elementor-widget-image-box\" data-id=\"e230d21\" data-element_type=\"widget\" data-widget_type=\"image-box.default\">\n\t\t\t\t<div class=\"elementor-widget-container\">\n\t\t\t\t\t<div class=\"elementor-image-box-wrapper\"><figure class=\"elementor-image-box-img\"><img decoding=\"async\" width=\"358\" height=\"358\" src=\"https:\/\/biennalecancerologie.org\/2026\/wp-content\/uploads\/2025\/04\/Freyer_Photo.png\" class=\"attachment-full size-full wp-image-549\" alt=\"\" srcset=\"https:\/\/biennalecancerologie.org\/2026\/wp-content\/uploads\/2025\/04\/Freyer_Photo.png 358w, https:\/\/biennalecancerologie.org\/2026\/wp-content\/uploads\/2025\/04\/Freyer_Photo-300x300.png 300w, https:\/\/biennalecancerologie.org\/2026\/wp-content\/uploads\/2025\/04\/Freyer_Photo-150x150.png 150w\" sizes=\"(max-width: 358px) 100vw, 358px\" \/><\/figure><div class=\"elementor-image-box-content\"><h3 class=\"elementor-image-box-title\">Pr. Gilles Freyer<\/h3><\/div><\/div>\t\t\t\t<\/div>\n\t\t\t\t<\/div>\n\t\t\t\t<div class=\"elementor-element elementor-element-20f2776 elementor-position-top elementor-widget elementor-widget-image-box\" data-id=\"20f2776\" data-element_type=\"widget\" data-widget_type=\"image-box.default\">\n\t\t\t\t<div class=\"elementor-widget-container\">\n\t\t\t\t\t<div class=\"elementor-image-box-wrapper\"><figure class=\"elementor-image-box-img\"><img decoding=\"async\" width=\"358\" height=\"358\" src=\"https:\/\/biennalecancerologie.org\/2026\/wp-content\/uploads\/2025\/04\/Jean-Marc-Phelip.png\" class=\"attachment-full size-full wp-image-548\" alt=\"\" srcset=\"https:\/\/biennalecancerologie.org\/2026\/wp-content\/uploads\/2025\/04\/Jean-Marc-Phelip.png 358w, https:\/\/biennalecancerologie.org\/2026\/wp-content\/uploads\/2025\/04\/Jean-Marc-Phelip-300x300.png 300w, https:\/\/biennalecancerologie.org\/2026\/wp-content\/uploads\/2025\/04\/Jean-Marc-Phelip-150x150.png 150w\" sizes=\"(max-width: 358px) 100vw, 358px\" \/><\/figure><div class=\"elementor-image-box-content\"><h3 class=\"elementor-image-box-title\">Pr. Jean-Marc Phelip<\/h3><\/div><\/div>\t\t\t\t<\/div>\n\t\t\t\t<\/div>\n\t\t\t\t<\/div>\n\t\t\t\t<\/div>\n\t\t\t\t\t<\/div>\n\t\t\t\t<\/div>\n\t\t\t\t<\/div>\n\t\t\r\n<!-- WeMeet Web(R) - Gange - All rights reserved: 2010 - 2025, plug-in for WordPress by Lena Group, https:\/\/lenagroup.net -->\r\n<div id=\"idGangeCookiesDiv1\" class=\"gange_CookiesDiv1\"><div id=\"idGangeCookiesDiv2\" class=\"gange_CookiesDiv2\"><form id=\"idGangeCookiesForm\" name=\"GangeCookiesForm\" action=\"#\" method=\"post\"><span id=\"idGangeCookiesSpan1\" class=\"gange_CookiesSpan1\">Nous utilisons des cookies pour vous garantir la meilleure exp\u00e9rience sur notre site Web.<\/span><span id=\"idGangeCookiesSpan2\" class=\"gange_CookiesSpan2\">Nous utilisons des cookies pour am\u00e9liorer l'analyse de nos performances. Vous pouvez autoriser ou bloquer les cookies en cochant la case \u00e0 droite de chaque cookie. <a href='https:\/\/lenagroup.net\/other\/cookies-policy\/' target='_blank'>See our cookies policy<\/a>.<br>Google Analytics, j'accepte:<input id=\"idGangeCookiesAnalytics\" name=\"idGangeCookiesAnalytics\" type=\"checkbox\" checked=\"checked\" value=\"1\"><\/span><span id=\"idGangeCookiesSpanSubmit\" class=\"gange_CookiesSpanSubmit\"><input id=\"idGangeCookiesTag\" name=\"idGangeCookiesTag\" type=\"hidden\" value=\"##COOKIESGANGE##\"><input id=\"idGangeCookiesSubmit\" name=\"idGangeCookiesSubmit\" type=\"submit\" class=\"gange_CookiesSubmit\" value=\"Update my Preferences\"><\/span><\/form><\/div><\/div><script type=\"text\/javascript\"> $('body').css('overflow','hidden'); <\/script>\r\n<!-- WeMeet Web(R) - Gange - All rights reserved: 2010 - 2025, plug-in for WordPress by Lena Group, https:\/\/lenagroup.net -->\r\n <script type=\"text\/javascript\"> if (typeof(f_tFlgVISA) === typeof(Function))  \tf_tFlgVISA(null);  if (typeof(f_tFlgAllergia) === typeof(Function))  \tf_tFlgAllergia(null);  if (typeof(f_IDTipologia) === typeof(Function)) {  \tvar eObjTYPE = document.getElementById(\"id_IDTipologia\");  \tf_IDTipologia(eObjTYPE);  }  if (typeof(f_IDAttivita) === typeof(Function)) {  \tvar etFlgActivity = document.getElementById(\"id_IDAttivita\");  \tf_IDAttivita(etFlgActivity);  }  if (typeof(f_IDNazionalita) === typeof(Function)) {  \tvar etFlgNazionalita = document.getElementById(\"id_IDNazionalita\");  \tf_IDNazionalita(etFlgNazionalita);  }  if (typeof(f_IndFattIDNazione) === typeof(Function))  \tf_IndFattIDNazione(null);  if (typeof(f_IDDomanda15943) === typeof(Function)) {  \tvar etFlgDomanda15943 = document.getElementById(\"id_IDDomanda15943\");  \tif (etFlgDomanda15943 != null) {  \t\tf_IDDomanda15943(etFlgDomanda15943);  \t}  }  if (typeof(f_IDDomanda15945) === typeof(Function)) {  \tvar etFlgDomanda15945 = document.getElementById(\"id_IDDomanda15945\");  \tif (etFlgDomanda15945 != null) {  \t\tf_IDDomanda15945(etFlgDomanda15945);  \t}  }  if (typeof(f_IDDomanda16517) === typeof(Function)) {  \tvar etFlgDomanda16517 = document.getElementById(\"id_IDDomanda16517\");  \tif (etFlgDomanda16517 != null) {  \t\tf_IDDomanda16517(etFlgDomanda16517);  \t}  }  if (typeof(f_IDDomanda16518) === typeof(Function)) {  \tvar etFlgDomanda16518 = document.getElementById(\"id_IDDomanda16518\");  \tif (etFlgDomanda16518 != null) {  \t\tf_IDDomanda16518(etFlgDomanda16518);  \t}  }  if (typeof(f_IDDomanda16521) === typeof(Function)) {  \tvar etFlgDomanda16521 = document.getElementById(\"id_IDDomanda16521\");  \tif (etFlgDomanda16521 != null) {  \t\tf_IDDomanda16521(etFlgDomanda16521);  \t}  }  if (typeof(f_IDDomanda16476) === typeof(Function)) {  \tvar etFlgDomanda16476 = document.getElementById(\"id_IDDomanda16476\");  \tif (etFlgDomanda16476 != null) {  \t\tf_IDDomanda16476(etFlgDomanda16476);  \t}  }  if (typeof(f_IDDomanda16488) === typeof(Function)) {  \tvar etFlgDomanda16488 = document.getElementById(\"id_IDDomanda16488\");  \tif (etFlgDomanda16488 != null) {  \t\tf_IDDomanda16488(etFlgDomanda16488);  \t}  }  if (typeof(f_IDDomanda16479) === typeof(Function)) {  \tvar etFlgDomanda16479 = document.getElementById(\"id_IDDomanda16479\");  \tif (etFlgDomanda16479 != null) {  \t\tf_IDDomanda16479(etFlgDomanda16479);  \t}  }  <\/script>","protected":false},"excerpt":{"rendered":"<p>Le Mot des Pr\u00e9sidents C&#8217;est avec beaucoup d&#8217;enthousiasme que nous prenons la pr\u00e9sidence de cette 17\u00e8me Biennale Mon\u00e9gasque de Canc\u00e9rologie, un r\u00f4le que nous assumons pour la premi\u00e8re fois ensemble. Nous sommes honor\u00e9s, sur la lanc\u00e9e\u00a0des \u00e9ditions pr\u00e9c\u00e9dentes,\u00a0de contribuer \u00e0 la r\u00e9ussite de cet \u00e9v\u00e9nement scientifique de premier plan. Notre ambition est de proposer un [&hellip;]<\/p>\n","protected":false},"author":3,"featured_media":0,"parent":0,"menu_order":0,"comment_status":"closed","ping_status":"closed","template":"","meta":{"footnotes":""},"class_list":["post-1833","page","type-page","status-publish","hentry"],"_links":{"self":[{"href":"https:\/\/biennalecancerologie.org\/2026\/index.php?rest_route=\/wp\/v2\/pages\/1833","targetHints":{"allow":["GET"]}}],"collection":[{"href":"https:\/\/biennalecancerologie.org\/2026\/index.php?rest_route=\/wp\/v2\/pages"}],"about":[{"href":"https:\/\/biennalecancerologie.org\/2026\/index.php?rest_route=\/wp\/v2\/types\/page"}],"author":[{"embeddable":true,"href":"https:\/\/biennalecancerologie.org\/2026\/index.php?rest_route=\/wp\/v2\/users\/3"}],"replies":[{"embeddable":true,"href":"https:\/\/biennalecancerologie.org\/2026\/index.php?rest_route=%2Fwp%2Fv2%2Fcomments&post=1833"}],"version-history":[{"count":4,"href":"https:\/\/biennalecancerologie.org\/2026\/index.php?rest_route=\/wp\/v2\/pages\/1833\/revisions"}],"predecessor-version":[{"id":1839,"href":"https:\/\/biennalecancerologie.org\/2026\/index.php?rest_route=\/wp\/v2\/pages\/1833\/revisions\/1839"}],"wp:attachment":[{"href":"https:\/\/biennalecancerologie.org\/2026\/index.php?rest_route=%2Fwp%2Fv2%2Fmedia&parent=1833"}],"curies":[{"name":"wp","href":"https:\/\/api.w.org\/{rel}","templated":true}]}}